{"id":148658,"date":"2020-06-30T15:31:58","date_gmt":"2020-06-30T13:31:58","guid":{"rendered":"https:\/\/sdi.france-webdesign.com\/?page_id=148658"},"modified":"2024-02-07T14:08:39","modified_gmt":"2024-02-07T13:08:39","slug":"reclutamento","status":"publish","type":"page","link":"https:\/\/saint-denis-immobilier.fr\/it\/reclutamento\/","title":{"rendered":"Reclutamento"},"content":{"rendered":"<p>[et_pb_section fb_built=\"1\u2033 admin_label=\"Sezione eroi\" _builder_version=\"4.4.3\u2033 background_enable_color=\"off\" background_image=\"https:\/\/www.saint-denis-immobilier.fr\/wp-content\/uploads\/2020\/06\/acheter-bien-saint-denis-1.jpg \" custom_margin=\"||-4px||\" custom_padding=\"3.2%||3.2%||true|\" global_colors_info=\"{} \"][et_pb_row _builder_version=\"3.25\u2033 custom_margin=\"35px|auto|||auto|||\" global_colors_info=\"{} \"][et_pb_column type=\"4_4\u2033 _builder_version=\"3.25\u2033 custom_padding=\"1px||| \" global_colors_info=\"{} \" custom_padding__hover=\"||| \"][et_pb_cta title=\"Reclutamento \" button_url=\"# \" _builder_version=\"4.10.6\u2033 header_level=\"h1\u2033 header_font=\"Lato|900||on||||| \" header_font_size=\"60px \" header_letter_spacing=\"2px \" header_line_height=\"1. 2em \" body_font=\"# \" header_font=\"#\" _builder_version=\"4.10.6\u2033.2em \" body_font=\"Lato|||||||| \" body_font_size=\"20px \" body_line_height=\"1. 8em \" use_background_size=\"20px \" body_line_height=\"1. 8em\".8em \" use_background_color=\"off \" custom_button=\"on \" button_text_size=\"16px \" button_text_color=\"#ffff \" button_bg_color=\"#fa7f28\u2033 button_border_width=\"6px \" button_border_width=\"6px\" button_border_height=\"1.8em\". \"6px \" button_border_color=\"#fa7f28\u2033 button_border_radius=\"5px \" button_letter_spacing=\"2px \" button_font=\"Lato|900||on||||| \" text_orientation=\"left \" max_width=\"1048px \" module_alignment=\"left \" custom_margin=\"|120px|||| \" custom_padding=\"||15px|||\" animation_style=\"fade \" hover_enabled=\"0\u2033 header_font_size_tablet=\"46px \" header_font_size_phone= \" \" header_font_size_last_edited=\"on|tablet \" header_text_shadow_style=\"preset1\u2033 header_text_shadow_blur_strength=\"0.6em \" header_text_shadow_color=\"rgba(0,0,0,0,0.6) \" box_shadow_style_button=\"preset3\u2033 box_shadow_blur_button=\"30px \" box_shadow_spread_button=\"8px \" box_shadow_color_button=\"rgba(250,127,40,0.15) \" button_letter_spacing_hover=\"2px \" global_colors_info=\"{} \" button_text_size__hover_enabled=\"off \" button_one_text_size__hover_enabled=\"off \" button_two_text_size__hover_enabled=\"off \" button_text_color__hover_enabled=\"off \" button_one_text_color__hover_enabled=\"off \". \"off \" button_two_text_color__hover_enabled=\"off \" button_border_width__hover_enabled=\"off \" button_one_border_width__hover_enabled=\"off \" button_two_border_width__hover_enabled=\"off \" button_border_color__hover_enabled=\"off \" button_one_border_color__hover_enabled= \"off \" button_two_border_color__hover_enabled=\"off \" button_border_radius__hover_enabled=\"off \" button_one_border_radius__hover_enabled=\"off \" button_two_border_radius__hover_enabled=\"off \" button_letter_spacing__hover_enabled=\"on \" button_letter_spacing__hover= \"2px\" button_one_letter_spacing__hover_enabled=\"off\" button_two_letter_spacing__hover_enabled=\"off\" button_bg_color__hover_enabled=\"off\" button_one_bg_color__hover_enabled=\"off\" button_two_bg_color__hover_enabled=\"off\" sticky_enabled=\"0\u2033]<\/p>\n<p>La vostra agenzia immobiliare FNAIM in Seine-Saint-Denis<\/p>\n<p>[\/et_pb_cta][\/et_pb_column][\/et_pb_row][\/et_pb_section][et_pb_section fb_built=\"1\u2033 _builder_version=\"4.4.1\u2033 background_color=\"rgba(0,0,0,0) \" custom_margin=\"2px||47px||false|false \" custom_padding=\"0px|||0px||||| \" global_colors_info=\"{} \"][et_pb_row column_structure=\"1_2,1_2\u2033 _builder_version=\"4.4.1\u2033 min_height=\"80px \" custom_margin=\"-89px|auto|-20px|auto|false|false \" custom_padding=\"0px|33px|0px|| \" global_colors_info=\"{} \"][et_pb_column type=\"1_2\u2033 _builder_version=\"4. 4.1\u2033 global_colors_version=\"4.4.1\u2033.4.1\u2033 global_colors_info=\"{} \"][et_pb_blurb title=\"Michel LECAT &amp; Smail FERTANE \" image=\"https:\/\/www.saint-denis-immobilier.fr\/wp-content\/uploads\/2020\/03\/colorupdate-logo-new-cropped-2-2.png \" icon_placement=\"left \" image_max_width=\"100px \" image_max_width_tablet= \" \" image_max_width_phone= \" \" image_max_width_last_edited=\"on|desktop \" _builder_version=\"4.4.3\u2033 header_level=\"h2\u2033 header_font=\"Lato|700||||||| \" header_text_color=\"#bc0303\u2033 body_font=\"Lato|500||||||| \" body_font_size=\"16px \" body_line_height=\"1.4em \" background_color=\"#ffffff \" width=\"73.7% \" module_alignment=\"center \" min_height=\"113px \" custom_margin=\"30px||-55px|31px|false|false \" custom_padding=\"2%|2%|2%|true|true \" custom_css_blurb_title=\"padding-top:10px; \" border_color_all=\"#0000\u2033 box_shadow_style=\"preset2\u2033 global_colors_info=\"{}\"]<\/p>\n<p>Dirigenti[\/et_pb_blurb][\/et_pb_column][et_pb_column type=\"1_2\u2033 _builder_version=\"4.4.1\u2033 global_colors_info=\"{} \"][\/et_pb_column][\/et_pb_row][et_pb_row column_structure=\"1_2,1_2\u2033 use_custom_gutter=\"on \" gutter_width=\"1\u2033 _builder_version=\"4.4.3\u2033 background_color=\"rgba(0,0,0,0) \" background_enable_image=\"off \" background_size=\"contain \" width=\"85% \" max_width=\"2076px \" custom_margin=\"26px|auto|26px|auto|true|false \" custom_padding=\"33px|0px|33px|0px|true|false \" animation_style=\"slide\" animation_direction=\"bottom\" animation_intensity_slide=\"6% \" animation_starting_opacity=\"100% \" custom_css_main_element=\"background-size:50%; \" border_color_all=\"#000000\u2033 box_shadow_style=\"preset2\u2033 box_shadow_horizontal=\"8px \" box_shadow_vertical=\"8px \" box_shadow_color=\"rgba(0,0,0,0.25) \" custom_width_px=\"1280px \" global_colors_info=\"{} \"][et_pb_column type=\"1_2\u2033 _builder_version=\"4.4.3\u2033 custom_padding=\"|40px||40px|true|false \" global_colors_info=\"{} \" custom_padding__hover=\"|| \"][et_pb_text _builder_version=\"4.4.3\u2033 text_font=\"Lato|||||||| \" text_text_color=\"#0000\u2033 text_font_size=\"16px \" text_line_height=\"1. 4em \" header_font=\"1. 4em \" custom_padding__hofo=\"||| \"[et_p_text _builder_version=\"4.3\u2033.4em \" header_font=\"|||||||| \" header_2_font=\"Lato|||||||| \" header_3_font=\"Lato|700||||||| \" header_3_text_color=\"#4f4f6f \" header_3_font_size=\"36px \" header_3_line_height=\"1. 5em \" custom_margin=\"1. 5m5em \" custom_margin=\"3px||||| \" custom_padding=\"3px||||| \" border_color_all=\"rgba(51,51,51,0.12) \" global_colors_info=\"{} \"]<\/p>\n<p><span class=\"lettrine\">P<\/span>o le sue filiali di Saint-Denis e Aubervilliers, Saint-Denis Immobilier sta reclutando negoziatori esperti e un responsabile della locazione\/gestione.<\/p>\n<p>Rigore, capacit\u00e0 di ascolto e disponibilit\u00e0 sono le sue qualit\u00e0 principali.<\/p>\n<p>&nbsp;<\/p>\n<p>[\/et_pb_text][\/et_pb_column][et_pb_column type=\"1_2\u2033 _builder_version=\"4.4.3\u2033 custom_padding=\"|40px||40px|true|false \" global_colors_info=\"{} \" custom_padding__hover=\"||| \"][et_pb_text _builder_version=\"4.4.1\u2033 text_font=\"Lato|||||||| \" text_text_color=\"#0000\u2033 text_font_size=\"16px \" text_line_height=\"1. 4em \" header_font=\"1. 4em4em \" header_font=\"|||||||| \" header_2_font=\"Lato|||||||| \" header_3_font=\"Lato|700||||||| \" header_3_text_color=\"#4f4f6f \" header_3_font_size=\"36px \" header_3_line_height=\"1. 5em \" custom_margin=\"1. 5em \" header_margin=\"1. 5em\".5em \" custom_margin=\"-2px||||| \" custom_padding=\"3px||0px|||| \" border_color_all=\"rgba(51,51,51,0.12) \" global_colors_info=\"{}\"]<\/p>\n<p>Conoscete a fondo il settore immobiliare, accettate una formazione regolare, fate quello che dite... e dite quello che fate!<br \/><span style=\"font-size: 16px;\">Sarete ricompensati con una grande atmosfera!<\/span><\/p>\n<p>Inviate il vostro CV all'agenzia o contattateci utilizzando il modulo sottostante.<\/p>\n<p>[\/et_pb_text][\/et_pb_column][\/et_pb_row][\/et_pb_section][et_pb_section fb_built=\"1\u2033 _builder_version=\"4.4.1\u2033 background_image=\"https:\/\/www.saint-denis-immobilier.fr\/wp-content\/uploads\/2020\/02\/sdi.jpg \" custom_padding=\"6px||5px||| \" custom_css_main_element=\"background-attachment: fixed; \" global_module=\"18854\u2033 global_colors_info=\"{} \"][et_pb_row column_structure=\"1_3,1_3,1_3\u2033 _builder_version=\"4.4.2\u2033 width=\"85% \" max_width=\"1774px \" custom_padding=\"9px||11px||| \" global_colors_info=\"{} \"][et_pb_column type=\"1_3\u2033 _builder_version=\"4.3.2\u2033 global_colors_info=\"{} \"][et_pb_code _builder_version=\"4.10.6\u2033 global_colors_info=\"{} \"]<div id=\"google-business-reviews-rating\" class=\"google-business-reviews-rating gmbrr\">\r\n\t<h2 class=\"heading\"><span class=\"icon\"><img decoding=\"async\" src=\"https:\/\/saint-denis-immobilier.fr\/wp-content\/uploads\/2020\/03\/colorupdate-logo-new-cropped-2-2.png\" alt=\"Icona SAINT-DENIS IMMOBILIER\"><\/span>SAINT-DENIS IMMOBILIER<\/h2>\r\n\t<p class=\"vicinity\">58 Rue Gabriel P\u00e9ri, Saint-Denis<\/p>\r\n\t<p class=\"rating\"><span class=\"number\">4,7<\/span> <span class=\"all-stars animate\"><span class=\"star\"><\/span><span class=\"star\"><\/span><span class=\"star\"><\/span><span class=\"star\"><\/span><span class=\"star split-70-30\"><\/span><\/span> <a href=\"https:\/\/search.google.com\/local\/reviews?placeid=ChIJYTE2hrRu5kcRsKciQf10Jek\" target=\"_blank\" rel=\"nofollow\" class=\"count\">178 recensioni<\/a><\/p>\r\n<ul class=\"listing\">\r\n\t\t<li class=\"rating-5\" data-index=\"0\">\r\n\t\t\t<span class=\"author-avatar\"><a href=\"https:\/\/www.google.com\/maps\/contrib\/114638760024412444415\/reviews\" target=\"_blank\" rel=\"nofollow\"><img decoding=\"async\" src=\"https:\/\/lh3.googleusercontent.com\/a\/ACg8ocI_IIFiEF_bTSp-iRyFQiiH7qqpcNnRCGqYWrtHKhd_6ESmPA=s128-c0x00000000-cc-rp-mo\" alt=\"Avatar\"><\/a><\/span>\r\n\t\t\t<span class=\"review-meta\">\r\n\t\t\t\t<span class=\"author-name\"><a href=\"https:\/\/www.google.com\/maps\/contrib\/114638760024412444415\/reviews\" target=\"_blank\" rel=\"nofollow\">Aurelia H<\/a><\/span>\r\n\t\t\t\t<span class=\"rating\">\u2605\u2605\u2605\u2605\u2605<\/span>\r\n\t\t\t\t<span class=\"relative-time-description\">meno di una settimana fa<\/span>\r\n\t\t\t<\/span>\r\n\t\t\t<div class=\"text text-excerpt\"><span class=\"review-snippet\">Il signor Fertane \u00e8 davvero il tipo di agente immobiliare che vorremmo incontrare sempre: molto efficiente, preciso e trasparente. Ha gestito il mio appartamento<\/span> <span class=\"review-more-placeholder\">... Leggi tutto<\/span><span class=\"review-full-text\"> per diversi anni, poi l'ha venduta con lo stesso rigore e la stessa onest\u00e0.<br>\n\t\t\t\tNon posso che consigliarlo vivamente.<\/span><\/div>\r\n\t\t<\/li>\r\n\t\t<li class=\"rating-5\" data-index=\"1\">\r\n\t\t\t<span class=\"author-avatar\"><a href=\"https:\/\/www.google.com\/maps\/contrib\/113724580191615570889\/reviews\" target=\"_blank\" rel=\"nofollow\"><img decoding=\"async\" src=\"https:\/\/lh3.googleusercontent.com\/a\/ACg8ocIsYJKrPEv8Y4OAFzurrelci-kN6Koc37cfu__Me5_zgkLRyg=s128-c0x00000000-cc-rp-mo\" alt=\"Avatar\"><\/a><\/span>\r\n\t\t\t<span class=\"review-meta\">\r\n\t\t\t\t<span class=\"author-name\"><a href=\"https:\/\/www.google.com\/maps\/contrib\/113724580191615570889\/reviews\" target=\"_blank\" rel=\"nofollow\">Chlo\u00e9 Le Reste<\/a><\/span>\r\n\t\t\t\t<span class=\"rating\">\u2605\u2605\u2605\u2605\u2605<\/span>\r\n\t\t\t\t<span class=\"relative-time-description\">8 mesi fa<\/span>\r\n\t\t\t<\/span>\r\n\t\t\t<div class=\"text text-excerpt\"><span class=\"review-snippet\">Ottima esperienza di acquisto con l'agenzia. Un grande ringraziamento al sig. Fertane, sempre disponibile e pronto all'ascolto, per la sua competenza e per il suo impegno.<\/span> <span class=\"review-more-placeholder\">... Leggi tutto<\/span><span class=\"review-full-text\"> supporto per tutta la durata del progetto. Sono felice di aver avuto l'opportunit\u00e0 di lavorare in modo trasparente e attento. Li raccomando vivamente!<\/span><\/div>\r\n\t\t<\/li>\r\n\t<\/ul>\r\n\t<p class=\"attribution\"><span class=\"powered-by-google\" title=\"Alimentato da Google\"><\/span><\/p>\r\n<\/div>\r\n[et_pb_code][\/et_pb_column][et_pb_column type=\"1_3\u2033 _builder_version=\"4.3.2\u2033 global_colors_info=\"{} \"][et_pb_text _builder_version=\"4.4.3\u2033 custom_margin=\"||5px||| \" global_colors_info=\"{} \"]<\/p>\n<p><img loading=\"lazy\" decoding=\"async\" src=\"https:\/\/www.saint-denis-immobilier.fr\/wp-content\/uploads\/2020\/03\/logo-new.png\" width=\"295\" height=\"81\" alt=\"\" class=\"wp-image-20687 alignnone size-full\" style=\"display: block; margin-left: auto; margin-right: auto;\" srcset=\"https:\/\/saint-denis-immobilier.fr\/wp-content\/uploads\/2020\/03\/logo-new.png 2081w, https:\/\/saint-denis-immobilier.fr\/wp-content\/uploads\/2020\/03\/logo-new-300x82.png 300w, https:\/\/saint-denis-immobilier.fr\/wp-content\/uploads\/2020\/03\/logo-new-1024x280.png 1024w, https:\/\/saint-denis-immobilier.fr\/wp-content\/uploads\/2020\/03\/logo-new-768x210.png 768w, https:\/\/saint-denis-immobilier.fr\/wp-content\/uploads\/2020\/03\/logo-new-1536x421.png 1536w, https:\/\/saint-denis-immobilier.fr\/wp-content\/uploads\/2020\/03\/logo-new-2048x561.png 2048w, https:\/\/saint-denis-immobilier.fr\/wp-content\/uploads\/2020\/03\/logo-new-1080x296.png 1080w, https:\/\/saint-denis-immobilier.fr\/wp-content\/uploads\/2020\/03\/logo-new-1280x351.png 1280w, https:\/\/saint-denis-immobilier.fr\/wp-content\/uploads\/2020\/03\/logo-new-980x268.png 980w, https:\/\/saint-denis-immobilier.fr\/wp-content\/uploads\/2020\/03\/logo-new-480x131.png 480w, https:\/\/saint-denis-immobilier.fr\/wp-content\/uploads\/2020\/03\/logo-new-600x164.png 600w, https:\/\/saint-denis-immobilier.fr\/wp-content\/uploads\/2020\/03\/logo-new-64x18.png 64w\" sizes=\"(max-width: 295px) 100vw, 295px\" \/><\/p>\n<p style=\"text-align: justify;\">Con uffici a Saint-Denis, Aubervilliers, Stains, Pierrefitte, Saint-Ouen e nella regione Seine-Saint-Denis, Saint-Denis Immobilier offre appartamenti, edifici, case e locali commerciali in vendita o in affitto.<\/p>\n<p>[et_pb_text][et_pb_text _builder_version=\"4.10.6\u2033 custom_margin=\"23px||-11px|||| \" global_colors_info=\"{} \"]<\/p>\n<h2 style=\"text-align: justify;\">Iscriviti alla newsletter sugli investimenti in affitto<\/h2>\n<p style=\"text-align: justify; margin-bottom: -18px;\">Consigli, informazioni legali e fiscali per le vostre locazioni<\/p>\n\n<div class=\"wpcf7 no-js\" id=\"wpcf7-f142392-o1\" lang=\"en-US\" dir=\"ltr\" data-wpcf7-id=\"142392\">\n<div class=\"screen-reader-response\"><p role=\"status\" aria-live=\"polite\" aria-atomic=\"true\"><\/p> <ul><\/ul><\/div>\n<form action=\"\/it\/wp-json\/wp\/v2\/pages\/148658#wpcf7-f142392-o1\" method=\"post\" class=\"wpcf7-form init\" aria-label=\"Modulo di contatto\" novalidate=\"novalidate\" data-status=\"init\" data-trp-original-action=\"\/it\/wp-json\/wp\/v2\/pages\/148658#wpcf7-f142392-o1\">\n<fieldset class=\"hidden-fields-container\"><input type=\"hidden\" name=\"_wpcf7\" value=\"142392\" \/><input type=\"hidden\" name=\"_wpcf7_version\" value=\"6.1.5\" \/><input type=\"hidden\" name=\"_wpcf7_locale\" value=\"en_US\" \/><input type=\"hidden\" name=\"_wpcf7_unit_tag\" value=\"wpcf7-f142392-o1\" \/><input type=\"hidden\" name=\"_wpcf7_container_post\" value=\"0\" \/><input type=\"hidden\" name=\"_wpcf7_posted_data_hash\" value=\"\" \/><input type=\"hidden\" name=\"_wpcf7dtx_version\" value=\"5.0.5\" \/>\n<\/fieldset>\n<p><span class=\"wpcf7-form-control-wrap\" data-name=\"your-namee\"><input size=\"40\" maxlength=\"400\" class=\"wpcf7-form-control wpcf7-text wpcf7-validates-as-required\" id=\"demi\" aria-required=\"true\" aria-invalid=\"false\" placeholder=\"Nome\" value=\"\" type=\"text\" name=\"your-namee\" \/><\/span><span class=\"wpcf7-form-control-wrap\" data-name=\"your-emaile\"><input size=\"40\" maxlength=\"400\" class=\"wpcf7-form-control wpcf7-email wpcf7-validates-as-required wpcf7-text wpcf7-validates-as-email\" aria-required=\"true\" aria-invalid=\"false\" placeholder=\"Email\" value=\"\" type=\"email\" name=\"your-emaile\" \/><\/span><!-- Mailchimp for WordPress v4.12.2 - https:\/\/www.mc4wp.com\/ --><input type=\"hidden\" name=\"_mc4wp_subscribe_contact-form-7\" value=\"0\" \/><span class=\"mc4wp-checkbox mc4wp-checkbox-contact-form-7\"><label><input type=\"checkbox\" name=\"_mc4wp_subscribe_contact-form-7\" value=\"1\" checked=\"checked\"><span>Registrazione<\/span><\/label><\/span><!-- \/ Mailchimp for WordPress --><input class=\"wpcf7-form-control wpcf7-submit has-spinner\" id=\"changevaluesubmit\" type=\"submit\" value=\"Inviare\" \/>\n<\/p><div class=\"wpcf7-response-output\" aria-hidden=\"true\"><\/div>\n<input type=\"hidden\" name=\"trp-form-language\" value=\"it\"\/><\/form>\n<\/div>\n\n<p>[\/et_pb_text][\/et_pb_column][et_pb_column type=\"1_3\u2033 _builder_version=\"4.3.2\u2033 global_colors_info=\"{} \"][et_pb_contact_form use_spam_service=\"on \" recaptcha_list=\"Default-0\u2033 email=\"transaction@saintdenisimmobilier.fr, michel@saintdenisimmobilier.fr,veille@animanet.fr \" title=\"Contatta l'agenzia\" custom_message=\"Messaggio dal modulo di contatto SDI (in fondo alla pagina)||et_pb_line_break_holder||||et_pb_line_break_holder||Nome: %%Nome%%|et_pb_line_break_holder|Email: %%Email%%|et_pb_line_break_holder||||et_pb_line_break_holder|Tel: %%Tel%%||et_pb_line_break_holder||Message: %%Message%%||et_pb_line_break_holder||||et_pb_line_break_holder|| \" use_redirect=\"on \" redirect_url=\"\/message-envoye \" submit_button_text=\"Envoyer \" _builder_version=\"4.10.6\u2033 form_field_background_color=\"rgba(0,0,0,0.06) \" title_level=\"h2\u2033 title_font=\"|||||||| \" title_text_color=\"#bf213f \" custom_button=\"on \" button_text_size=\"18px \" button_text_color= \" #ffffff \" button_bg_color=\"#bf213f \" button_border_width=\"0px \" button_border_radius=\"2px \" button_icon_color=\"#bf213f \" button_custom_margin=\"5px||5px||true|false \" button_custom_padding=\"0px|0px|false|false \" custom_margin=\"31px||||false|false \" custom_padding=\"0px||||false|false \" global_colors_info=\"{} \"][et_pb_contact_field field_id=\"Nome\" field_title=\"Nome\" _builder_version=\"4. 4.4.3\u2033 global_colors_info=\"{} \" button_text_size__hover_enabled=\"off \" button_one_text_size__hover_enabled=\"off \" button_two_text_size__hover_enabled=\"off \" button_text_color__hover_enabled=\"off \" button_one_text_color__hover_enabled=\"off \" button_two_text_color__hover_enabled=\"off\". \"off \" button_border_width__hover_enabled=\"off \" button_one_border_width__hover_enabled=\"off \" button_two_border_width__hover_enabled=\"off \" button_border_color__hover_enabled=\"off \" button_one_border_color__hover_enabled=\"off \" button_two_border_color__hover_enabled= \"off \" button_border_radius__hover_enabled=\"off \" button_one_border_radius__hover_enabled=\"off \" button_two_border_radius__hover_enabled=\"off \" button_letter_spacing__hover_enabled=\"off \" button_one_letter_spacing__hover_enabled=\"off \" button_two_letter_spacing__hover_enabled= \"off\" button_bg_color__hover_enabled=\"off\" button_one_bg_color__hover_enabled=\"off\" button_two_bg_color__hover_enabled=\"off\"][\/et_pb_contact_field][et_pb_contact_field field_id=\"Email\" field_title=\"Email\" field_type=\"email\" _builder_version=\"4.4.3\u2033 global_colors_info=\"{} \" button_text_size__hover_enabled=\"off \" button_one_text_size__hover_enabled=\"off \" button_two_text_size__hover_enabled=\"off \" button_text_color__hover_enabled=\"off \" button_one_text_color__hover_enabled=\"off \" button_two_text_color__hover_enabled=\"off\". \"off \" button_border_width__hover_enabled=\"off \" button_one_border_width__hover_enabled=\"off \" button_two_border_width__hover_enabled=\"off \" button_border_color__hover_enabled=\"off \" button_one_border_color__hover_enabled=\"off \" button_two_border_color__hover_enabled= \"off \" button_border_radius__hover_enabled=\"off \" button_one_border_radius__hover_enabled=\"off \" button_two_border_radius__hover_enabled=\"off \" button_letter_spacing__hover_enabled=\"off \" button_one_letter_spacing__hover_enabled=\"off \" button_two_letter_spacing__hover_enabled= \"off \" button_bg_color__hover_enabled=\"off \" button_one_bg_color__hover_enabled=\"off \" button_two_bg_color__hover_enabled=\"off \"][\/et_pb_contact_field][et_pb_contact_field field_id=\"tel \" field_title=\"Telephone \" fullwidth_field=\"on \" _builder_version=\"4.4.3\u2033 global_colors_info=\"{} \" button_text_size__hover_enabled=\"off \" button_one_text_size__hover_enabled=\"off \" button_two_text_size__hover_enabled=\"off \" button_text_color__hover_enabled=\"off \" button_one_text_color__hover_enabled=\"off \" button_two_text_color__hover_enabled=\"off\". \"off \" button_border_width__hover_enabled=\"off \" button_one_border_width__hover_enabled=\"off \" button_two_border_width__hover_enabled=\"off \" button_border_color__hover_enabled=\"off \" button_one_border_color__hover_enabled=\"off \" button_two_border_color__hover_enabled=\"off \" button_border_radius__hover_enabled=\"off \" button_one_border_radius__hover_enabled=\"off \" button_two_border_radius__hover_enabled=\"off \" button_letter_spacing__hover_enabled=\"off \" button_one_letter_spacing__hover_enabled=\"off \" button_two_letter_spacing__hover_enabled=\"off \" button_bg_color__hover_enabled=\"off\" button_one_bg_color__hover_enabled=\"off\" button_two_bg_color__hover_enabled=\"off\"][\/et_pb_contact_field][et_pb_contact_field field_id=\"Message\" field_title=\"Message\" field_type=\"text\" fullwidth_field=\"on\" _builder_version=\"4.4.3\u2033 global_colors_info=\"{} \" button_text_size__hover_enabled=\"off\" button_one_text_size__hover_enabled=\"off\" button_two_text_size__hover_enabled=\"off\" button_text_color__hover_enabled=\"off\" button_one_text_color__hover_enabled=\"off\" button_two_text_color__hover_enabled=\"off\" button_border_width__hover_enabled=\"off\" button_one_border_width__hover_enabled=\"off\" button_two_border_width__hover_enabled=\"off\" button_border_color__hover_enabled=\"off\" button_one_border_color__hover_enabled=\"off\" button_two_border_color__hover_enabled=\"off \" button_border_radius__hover_enabled=\"off \" button_one_border_radius__hover_enabled=\"off \" button_two_border_radius__hover_enabled=\"off \" button_letter_spacing__hover_enabled=\"off \" button_one_letter_spacing__hover_enabled= \"off \" button_two_letter_spacing__hover_enabled=\"off \" button_bg_color__hover_enabled=\"off \" button_one_bg_color__hover_enabled= \"off \" button_two_bg_color__hover_enabled=\"off \"][\/et_pb_contact_field][\/et_pb_contact_form][\/et_pb_column][\/et_pb_row][\/et_pb_section]<\/p>","protected":false},"excerpt":{"rendered":"<p>La vostra agenzia immobiliare FNAIM di Seine-Saint-DenisGestoriPer le sue agenzie di Saint-Denis e Aubervilliers, Saint-Denis Immobilier sta reclutando negoziatori esperti e un responsabile affitti\/gestione. Le vostre qualit\u00e0 principali sono la completezza, la capacit\u00e0 di ascolto e la disponibilit\u00e0. Avete una conoscenza approfondita del settore immobiliare, siete disposti a formarvi regolarmente, fate ci\u00f2 che [...]<\/p>","protected":false},"author":1,"featured_media":0,"parent":0,"menu_order":0,"comment_status":"closed","ping_status":"closed","template":"","meta":{"_et_pb_use_builder":"on","_et_pb_old_content":"","_et_gb_content_width":"","footnotes":""},"class_list":["post-148658","page","type-page","status-publish","hentry"],"yoast_head":"<!-- This site is optimized with the Yoast SEO plugin v27.5 - https:\/\/yoast.com\/product\/yoast-seo-wordpress\/ -->\n<title>Recrutement - Saint-Denis Immobilier<\/title>\n<meta name=\"description\" content=\"Recrutement immobilier \u00e0 Saint Denis. Notre agence immobili\u00e8re recrute des veudeurs, agents, gestionnaires de biens immobiliers \u00e0 Saint Denis\" \/>\n<meta name=\"robots\" content=\"index, follow, max-snippet:-1, max-image-preview:large, max-video-preview:-1\" \/>\n<link rel=\"canonical\" href=\"https:\/\/saint-denis-immobilier.fr\/it\/reclutamento\/\" \/>\n<meta property=\"og:locale\" content=\"it_IT\" \/>\n<meta property=\"og:type\" content=\"article\" \/>\n<meta property=\"og:title\" content=\"Recrutement - Saint-Denis Immobilier\" \/>\n<meta property=\"og:description\" content=\"Recrutement immobilier \u00e0 Saint Denis. Notre agence immobili\u00e8re recrute des veudeurs, agents, gestionnaires de biens immobiliers \u00e0 Saint Denis\" \/>\n<meta property=\"og:url\" content=\"https:\/\/saint-denis-immobilier.fr\/it\/reclutamento\/\" \/>\n<meta property=\"og:site_name\" content=\"Saint-Denis Immobilier\" \/>\n<meta property=\"article:modified_time\" content=\"2024-02-07T13:08:39+00:00\" \/>\n<meta property=\"og:image\" content=\"https:\/\/www.saint-denis-immobilier.fr\/wp-content\/uploads\/2020\/03\/logo-new.png\" \/>\n<meta name=\"twitter:card\" content=\"summary_large_image\" \/>\n<meta name=\"twitter:label1\" content=\"Tempo di lettura stimato\" \/>\n\t<meta name=\"twitter:data1\" content=\"10 minuti\" \/>\n<script type=\"application\/ld+json\" class=\"yoast-schema-graph\">{\"@context\":\"https:\\\/\\\/schema.org\",\"@graph\":[{\"@type\":\"WebPage\",\"@id\":\"https:\\\/\\\/saint-denis-immobilier.fr\\\/recrutement\\\/\",\"url\":\"https:\\\/\\\/saint-denis-immobilier.fr\\\/recrutement\\\/\",\"name\":\"Recrutement - Saint-Denis Immobilier\",\"isPartOf\":{\"@id\":\"https:\\\/\\\/saint-denis-immobilier.fr\\\/#website\"},\"primaryImageOfPage\":{\"@id\":\"https:\\\/\\\/saint-denis-immobilier.fr\\\/recrutement\\\/#primaryimage\"},\"image\":{\"@id\":\"https:\\\/\\\/saint-denis-immobilier.fr\\\/recrutement\\\/#primaryimage\"},\"thumbnailUrl\":\"https:\\\/\\\/www.saint-denis-immobilier.fr\\\/wp-content\\\/uploads\\\/2020\\\/03\\\/logo-new.png\",\"datePublished\":\"2020-06-30T13:31:58+00:00\",\"dateModified\":\"2024-02-07T13:08:39+00:00\",\"description\":\"Recrutement immobilier \u00e0 Saint Denis. Notre agence immobili\u00e8re recrute des veudeurs, agents, gestionnaires de biens immobiliers \u00e0 Saint Denis\",\"breadcrumb\":{\"@id\":\"https:\\\/\\\/saint-denis-immobilier.fr\\\/recrutement\\\/#breadcrumb\"},\"inLanguage\":\"it-IT\",\"potentialAction\":[{\"@type\":\"ReadAction\",\"target\":[\"https:\\\/\\\/saint-denis-immobilier.fr\\\/recrutement\\\/\"]}]},{\"@type\":\"ImageObject\",\"inLanguage\":\"it-IT\",\"@id\":\"https:\\\/\\\/saint-denis-immobilier.fr\\\/recrutement\\\/#primaryimage\",\"url\":\"https:\\\/\\\/www.saint-denis-immobilier.fr\\\/wp-content\\\/uploads\\\/2020\\\/03\\\/logo-new.png\",\"contentUrl\":\"https:\\\/\\\/www.saint-denis-immobilier.fr\\\/wp-content\\\/uploads\\\/2020\\\/03\\\/logo-new.png\"},{\"@type\":\"BreadcrumbList\",\"@id\":\"https:\\\/\\\/saint-denis-immobilier.fr\\\/recrutement\\\/#breadcrumb\",\"itemListElement\":[{\"@type\":\"ListItem\",\"position\":1,\"name\":\"Home\",\"item\":\"https:\\\/\\\/saint-denis-immobilier.fr\\\/\"},{\"@type\":\"ListItem\",\"position\":2,\"name\":\"Recrutement\"}]},{\"@type\":\"WebSite\",\"@id\":\"https:\\\/\\\/saint-denis-immobilier.fr\\\/#website\",\"url\":\"https:\\\/\\\/saint-denis-immobilier.fr\\\/\",\"name\":\"Saint-Denis Immobilier\",\"description\":\"agence immobiliere \u00e0 Saint-Denis\",\"publisher\":{\"@id\":\"https:\\\/\\\/saint-denis-immobilier.fr\\\/#organization\"},\"potentialAction\":[{\"@type\":\"SearchAction\",\"target\":{\"@type\":\"EntryPoint\",\"urlTemplate\":\"https:\\\/\\\/saint-denis-immobilier.fr\\\/?s={search_term_string}\"},\"query-input\":{\"@type\":\"PropertyValueSpecification\",\"valueRequired\":true,\"valueName\":\"search_term_string\"}}],\"inLanguage\":\"it-IT\"},{\"@type\":\"Organization\",\"@id\":\"https:\\\/\\\/saint-denis-immobilier.fr\\\/#organization\",\"name\":\"Saint-Denis Immobilier\",\"url\":\"https:\\\/\\\/saint-denis-immobilier.fr\\\/\",\"logo\":{\"@type\":\"ImageObject\",\"inLanguage\":\"it-IT\",\"@id\":\"https:\\\/\\\/saint-denis-immobilier.fr\\\/#\\\/schema\\\/logo\\\/image\\\/\",\"url\":\"https:\\\/\\\/www.saint-denis-immobilier.fr\\\/wp-content\\\/uploads\\\/2020\\\/02\\\/logo-new-cropped.png\",\"contentUrl\":\"https:\\\/\\\/www.saint-denis-immobilier.fr\\\/wp-content\\\/uploads\\\/2020\\\/02\\\/logo-new-cropped.png\",\"width\":452,\"height\":469,\"caption\":\"Saint-Denis Immobilier\"},\"image\":{\"@id\":\"https:\\\/\\\/saint-denis-immobilier.fr\\\/#\\\/schema\\\/logo\\\/image\\\/\"}}]}<\/script>\n<!-- \/ Yoast SEO plugin. -->","yoast_head_json":{"title":"Reclutamento - Saint-Denis Immobilier","description":"Reclutamento immobiliare a Saint Denis. La nostra agenzia immobiliare recluta agenti immobiliari e gestori di immobili a Saint Denis.","robots":{"index":"index","follow":"follow","max-snippet":"max-snippet:-1","max-image-preview":"max-image-preview:large","max-video-preview":"max-video-preview:-1"},"canonical":"https:\/\/saint-denis-immobilier.fr\/it\/reclutamento\/","og_locale":"it_IT","og_type":"article","og_title":"Recrutement - Saint-Denis Immobilier","og_description":"Recrutement immobilier \u00e0 Saint Denis. Notre agence immobili\u00e8re recrute des veudeurs, agents, gestionnaires de biens immobiliers \u00e0 Saint Denis","og_url":"https:\/\/saint-denis-immobilier.fr\/it\/reclutamento\/","og_site_name":"Saint-Denis Immobilier","article_modified_time":"2024-02-07T13:08:39+00:00","og_image":[{"url":"https:\/\/www.saint-denis-immobilier.fr\/wp-content\/uploads\/2020\/03\/logo-new.png","type":"","width":"","height":""}],"twitter_card":"summary_large_image","twitter_misc":{"Tempo di lettura stimato":"10 minuti"},"schema":{"@context":"https:\/\/schema.org","@graph":[{"@type":"WebPage","@id":"https:\/\/saint-denis-immobilier.fr\/recrutement\/","url":"https:\/\/saint-denis-immobilier.fr\/recrutement\/","name":"Reclutamento - Saint-Denis Immobilier","isPartOf":{"@id":"https:\/\/saint-denis-immobilier.fr\/#website"},"primaryImageOfPage":{"@id":"https:\/\/saint-denis-immobilier.fr\/recrutement\/#primaryimage"},"image":{"@id":"https:\/\/saint-denis-immobilier.fr\/recrutement\/#primaryimage"},"thumbnailUrl":"https:\/\/www.saint-denis-immobilier.fr\/wp-content\/uploads\/2020\/03\/logo-new.png","datePublished":"2020-06-30T13:31:58+00:00","dateModified":"2024-02-07T13:08:39+00:00","description":"Reclutamento immobiliare a Saint Denis. La nostra agenzia immobiliare recluta agenti immobiliari e gestori di immobili a Saint Denis.","breadcrumb":{"@id":"https:\/\/saint-denis-immobilier.fr\/recrutement\/#breadcrumb"},"inLanguage":"it-IT","potentialAction":[{"@type":"ReadAction","target":["https:\/\/saint-denis-immobilier.fr\/recrutement\/"]}]},{"@type":"ImageObject","inLanguage":"it-IT","@id":"https:\/\/saint-denis-immobilier.fr\/recrutement\/#primaryimage","url":"https:\/\/www.saint-denis-immobilier.fr\/wp-content\/uploads\/2020\/03\/logo-new.png","contentUrl":"https:\/\/www.saint-denis-immobilier.fr\/wp-content\/uploads\/2020\/03\/logo-new.png"},{"@type":"BreadcrumbList","@id":"https:\/\/saint-denis-immobilier.fr\/recrutement\/#breadcrumb","itemListElement":[{"@type":"ListItem","position":1,"name":"Home","item":"https:\/\/saint-denis-immobilier.fr\/"},{"@type":"ListItem","position":2,"name":"Recrutement"}]},{"@type":"WebSite","@id":"https:\/\/saint-denis-immobilier.fr\/#website","url":"https:\/\/saint-denis-immobilier.fr\/","name":"Saint-Denis Immobiliare","description":"agenzia immobiliare a Saint-Denis","publisher":{"@id":"https:\/\/saint-denis-immobilier.fr\/#organization"},"potentialAction":[{"@type":"SearchAction","target":{"@type":"EntryPoint","urlTemplate":"https:\/\/saint-denis-immobilier.fr\/?s={search_term_string}"},"query-input":{"@type":"PropertyValueSpecification","valueRequired":true,"valueName":"search_term_string"}}],"inLanguage":"it-IT"},{"@type":"Organization","@id":"https:\/\/saint-denis-immobilier.fr\/#organization","name":"Saint-Denis Immobiliare","url":"https:\/\/saint-denis-immobilier.fr\/","logo":{"@type":"ImageObject","inLanguage":"it-IT","@id":"https:\/\/saint-denis-immobilier.fr\/#\/schema\/logo\/image\/","url":"https:\/\/www.saint-denis-immobilier.fr\/wp-content\/uploads\/2020\/02\/logo-new-cropped.png","contentUrl":"https:\/\/www.saint-denis-immobilier.fr\/wp-content\/uploads\/2020\/02\/logo-new-cropped.png","width":452,"height":469,"caption":"Saint-Denis Immobilier"},"image":{"@id":"https:\/\/saint-denis-immobilier.fr\/#\/schema\/logo\/image\/"}}]}},"_links":{"self":[{"href":"https:\/\/saint-denis-immobilier.fr\/it\/wp-json\/wp\/v2\/pages\/148658","targetHints":{"allow":["GET"]}}],"collection":[{"href":"https:\/\/saint-denis-immobilier.fr\/it\/wp-json\/wp\/v2\/pages"}],"about":[{"href":"https:\/\/saint-denis-immobilier.fr\/it\/wp-json\/wp\/v2\/types\/page"}],"author":[{"embeddable":true,"href":"https:\/\/saint-denis-immobilier.fr\/it\/wp-json\/wp\/v2\/users\/1"}],"replies":[{"embeddable":true,"href":"https:\/\/saint-denis-immobilier.fr\/it\/wp-json\/wp\/v2\/comments?post=148658"}],"version-history":[{"count":0,"href":"https:\/\/saint-denis-immobilier.fr\/it\/wp-json\/wp\/v2\/pages\/148658\/revisions"}],"wp:attachment":[{"href":"https:\/\/saint-denis-immobilier.fr\/it\/wp-json\/wp\/v2\/media?parent=148658"}],"curies":[{"name":"wp","href":"https:\/\/api.w.org\/{rel}","templated":true}]}}